{"id":159,"date":"2024-01-13T15:14:17","date_gmt":"2024-01-13T15:14:17","guid":{"rendered":"https:\/\/cupio.edu.ve\/?page_id=159"},"modified":"2024-01-13T15:41:34","modified_gmt":"2024-01-13T15:41:34","slug":"159-2","status":"publish","type":"page","link":"https:\/\/cupio.edu.ve\/?page_id=159","title":{"rendered":"Autoridades"},"content":{"rendered":"\n<figure class=\"wp-block-table aligncenter\"><table><tbody><tr><td>MIEMBRO DEL <br>CONSEJO DIRECTIVO<\/td><td class=\"has-text-align-center\" data-align=\"center\">CARGO<\/td><td class=\"has-text-align-center\" data-align=\"center\">FOTO<\/td><\/tr><tr><td>Dr. Jes\u00fas Y\u00e1nez Quintana<\/td><td class=\"has-text-align-center\" data-align=\"center\">Director<\/td><td class=\"has-text-align-center\" data-align=\"center\"><img loading=\"lazy\" decoding=\"async\" width=\"150\" height=\"194\" class=\"wp-image-160\" style=\"width: 150px;\" src=\"http:\/\/cupio.edu.ve\/wp-content\/uploads\/2024\/01\/Foto-Jesus-Yanez.png\" alt=\"\" srcset=\"https:\/\/cupio.edu.ve\/wp-content\/uploads\/2024\/01\/Foto-Jesus-Yanez.png 579w, https:\/\/cupio.edu.ve\/wp-content\/uploads\/2024\/01\/Foto-Jesus-Yanez-233x300.png 233w\" sizes=\"auto, (max-width: 150px) 100vw, 150px\" \/><\/td><\/tr><tr><td>MSc. Eduard G\u00f3mez<\/td><td class=\"has-text-align-center\" data-align=\"center\">Sub-director Acad\u00e9mico<\/td><td class=\"has-text-align-center\" data-align=\"center\"><img loading=\"lazy\" decoding=\"async\" width=\"150\" height=\"204\" class=\"wp-image-163\" style=\"width: 150px;\" src=\"http:\/\/cupio.edu.ve\/wp-content\/uploads\/2024\/01\/Foto-Eduard.png\" alt=\"\" srcset=\"https:\/\/cupio.edu.ve\/wp-content\/uploads\/2024\/01\/Foto-Eduard.png 547w, https:\/\/cupio.edu.ve\/wp-content\/uploads\/2024\/01\/Foto-Eduard-221x300.png 221w\" sizes=\"auto, (max-width: 150px) 100vw, 150px\" \/><\/td><\/tr><tr><td>Licda. Esp. Mar\u00eda E. Chirinos<\/td><td class=\"has-text-align-center\" data-align=\"center\">Sub-directora Administrativa<\/td><td class=\"has-text-align-center\" data-align=\"center\"><img loading=\"lazy\" decoding=\"async\" width=\"150\" height=\"187\" class=\"wp-image-164\" style=\"width: 150px;\" src=\"http:\/\/cupio.edu.ve\/wp-content\/uploads\/2024\/01\/Foto-Maria-Eugenia.png\" alt=\"\" srcset=\"https:\/\/cupio.edu.ve\/wp-content\/uploads\/2024\/01\/Foto-Maria-Eugenia.png 610w, https:\/\/cupio.edu.ve\/wp-content\/uploads\/2024\/01\/Foto-Maria-Eugenia-240x300.png 240w\" sizes=\"auto, (max-width: 150px) 100vw, 150px\" \/><\/td><\/tr><tr><td>Licda. Esp. Hirazhela Manrique<\/td><td class=\"has-text-align-center\" data-align=\"center\">Jefa de Control de Estudios <br>y Evaluaci\u00f3n<\/td><td class=\"has-text-align-center\" data-align=\"center\"><img loading=\"lazy\" decoding=\"async\" width=\"150\" height=\"205\" class=\"wp-image-165\" style=\"width: 150px;\" src=\"http:\/\/cupio.edu.ve\/wp-content\/uploads\/2024\/01\/Foto-Hirazhela.png\" alt=\"\" srcset=\"https:\/\/cupio.edu.ve\/wp-content\/uploads\/2024\/01\/Foto-Hirazhela.png 543w, https:\/\/cupio.edu.ve\/wp-content\/uploads\/2024\/01\/Foto-Hirazhela-220x300.png 220w\" sizes=\"auto, (max-width: 150px) 100vw, 150px\" \/><\/td><\/tr><tr><td>MSc. Arelys Mijares<\/td><td class=\"has-text-align-center\" data-align=\"center\">Jefa de la Divisi\u00f3n Acad\u00e9mica<\/td><td class=\"has-text-align-center\" data-align=\"center\"><img loading=\"lazy\" decoding=\"async\" width=\"150\" height=\"203\" class=\"wp-image-167\" style=\"width: 150px;\" src=\"http:\/\/cupio.edu.ve\/wp-content\/uploads\/2024\/01\/Foto-Arelys-Mijares.jpg\" alt=\"\" srcset=\"https:\/\/cupio.edu.ve\/wp-content\/uploads\/2024\/01\/Foto-Arelys-Mijares.jpg 948w, https:\/\/cupio.edu.ve\/wp-content\/uploads\/2024\/01\/Foto-Arelys-Mijares-222x300.jpg 222w, https:\/\/cupio.edu.ve\/wp-content\/uploads\/2024\/01\/Foto-Arelys-Mijares-758x1024.jpg 758w, https:\/\/cupio.edu.ve\/wp-content\/uploads\/2024\/01\/Foto-Arelys-Mijares-768x1037.jpg 768w\" sizes=\"auto, (max-width: 150px) 100vw, 150px\" \/><\/td><\/tr><\/tbody><\/table><\/figure>\n","protected":false},"excerpt":{"rendered":"<p>MIEMBRO DEL CONSEJO DIRECTIVO CARGO FOTO Dr. Jes\u00fas Y\u00e1nez Quintana Director MSc. Eduard G\u00f3mez Sub-director Acad\u00e9mico Licda. Esp. Mar\u00eda E. Chirinos Sub-directora Administrativa Licda. Esp. Hirazhela Manrique Jefa de Control de Estudios y Evaluaci\u00f3n MSc. Arelys Mijares Jefa de la Divisi\u00f3n Acad\u00e9mica<\/p>\n","protected":false},"author":1,"featured_media":0,"parent":0,"menu_order":0,"comment_status":"closed","ping_status":"closed","template":"","meta":{"footnotes":""},"class_list":["post-159","page","type-page","status-publish","hentry"],"_links":{"self":[{"href":"https:\/\/cupio.edu.ve\/index.php?rest_route=\/wp\/v2\/pages\/159","targetHints":{"allow":["GET"]}}],"collection":[{"href":"https:\/\/cupio.edu.ve\/index.php?rest_route=\/wp\/v2\/pages"}],"about":[{"href":"https:\/\/cupio.edu.ve\/index.php?rest_route=\/wp\/v2\/types\/page"}],"author":[{"embeddable":true,"href":"https:\/\/cupio.edu.ve\/index.php?rest_route=\/wp\/v2\/users\/1"}],"replies":[{"embeddable":true,"href":"https:\/\/cupio.edu.ve\/index.php?rest_route=%2Fwp%2Fv2%2Fcomments&post=159"}],"version-history":[{"count":6,"href":"https:\/\/cupio.edu.ve\/index.php?rest_route=\/wp\/v2\/pages\/159\/revisions"}],"predecessor-version":[{"id":172,"href":"https:\/\/cupio.edu.ve\/index.php?rest_route=\/wp\/v2\/pages\/159\/revisions\/172"}],"wp:attachment":[{"href":"https:\/\/cupio.edu.ve\/index.php?rest_route=%2Fwp%2Fv2%2Fmedia&parent=159"}],"curies":[{"name":"wp","href":"https:\/\/api.w.org\/{rel}","templated":true}]}}